{"id":3169,"date":"2025-10-01T10:57:06","date_gmt":"2025-10-01T10:57:06","guid":{"rendered":"https:\/\/euromedic-hungary.com\/?post_type=awsm_job_openings&#038;p=3169"},"modified":"2025-10-01T10:57:08","modified_gmt":"2025-10-01T10:57:08","slug":"kereskedelmi-adminisztracios-munkatars","status":"publish","type":"awsm_job_openings","link":"https:\/\/euromedic-hungary.com\/en\/jobs\/kereskedelmi-adminisztracios-munkatars\/","title":{"rendered":"Kereskedelmi adminisztr\u00e1ci\u00f3s munkat\u00e1rs"},"content":{"rendered":"<p>Gy\u00f3gyszer-, illetve orvos-szakmai term\u00e9kek nagykereskedelm\u00e9vel foglalkoz\u00f3, nagy m\u00falt\u00fa, nemzetk\u00f6zi h\u00e1tter\u0171 c\u00e9gcsoport keres <strong><u>fog\u00e1szati<\/u><\/strong> \u00fczlet\u00e1g\u00e1ba (munkav\u00e9gz\u00e9s helye Bp. XV. ker\u00fclet) Kereskedelmi adminisztr\u00e1ci\u00f3s munkat\u00e1rsat<\/p>\n\n\n\n<p><strong>Feladatok<\/strong><\/p>\n\n\n\n<ul class=\"wp-block-list\">\n<li>Projektek lebonyol\u00edt\u00e1s\u00e1ban val\u00f3 r\u00e9szv\u00e9tel, a szerz\u0151d\u00e9sk\u00f6t\u00e9st\u0151l az elj\u00e1r\u00e1st lez\u00e1r\u00f3 szerz\u0151d\u00e9s teljes\u00fcl\u00e9s\u00e9nek befejez\u00e9s\u00e9ig, a projektek teljesk\u00f6r\u0171 dokument\u00e1l\u00e1sa, r\u00f6gz\u00edt\u00e9se az informatikai rendszerben, ut\u00e1n k\u00f6vet\u00e9s<\/li>\n\n\n\n<li>Partnert\u00f6rzs karbantart\u00e1sa (vev\u0151k, sz\u00e1ll\u00edt\u00f3k, term\u00e9kek)<\/li>\n\n\n\n<li>Partnerekt\u0151l \u00e9rkez\u0151 rendel\u00e9sek r\u00f6gz\u00edt\u00e9se, nyomon k\u00f6vet\u00e9se<\/li>\n\n\n\n<li>Beszerz\u00e9s, szerz\u0151d\u00e9sek elk\u00e9sz\u00edt\u00e9se, sz\u00e1ml\u00e1z\u00e1s, besz\u00e1ll\u00edt\u00e1sok, \u00fcgyfelekhez t\u00f6rt\u00e9n\u0151 kisz\u00e1ll\u00edt\u00e1sok koordin\u00e1l\u00e1sa, telep\u00edt\u00e9sek megszervez\u00e9se<\/li>\n\n\n\n<li>Sz\u00e1ml\u00e1k j\u00f3v\u00e1hagy\u00e1sa, sz\u00e1ll\u00edt\u00f3levelek csatol\u00e1sa a p\u00e9nz\u00fcgyi dokumentumkezel\u0151 rendszerben<\/li>\n\n\n\n<li>Garanci\u00e1lis \u00fcgyek, reklam\u00e1ci\u00f3k int\u00e9z\u00e9se, nyilv\u00e1ntart\u00e1sa<\/li>\n\n\n\n<li>Partnerekkel (viszontelad\u00f3k, v\u00e9gfelhaszn\u00e1l\u00f3k, gy\u00e1rt\u00f3k, forgalmaz\u00f3k) val\u00f3 egyeztet\u00e9sek, folyamatos kapcsolattart\u00e1s (telefon, e-mail)<\/li>\n\n\n\n<li>Ki\u00e1ll\u00edt\u00e1sok, rendezv\u00e9nyek h\u00e1tt\u00e9rmunk\u00e1iban val\u00f3 r\u00e9szv\u00e9tel<\/li>\n<\/ul>\n\n\n\n<p><strong>Expectations<\/strong><\/p>\n\n\n\n<ul class=\"wp-block-list\">\n<li>Minimum k\u00f6z\u00e9pfok\u00fa v\u00e9gzetts\u00e9g<\/li>\n\n\n\n<li>Kereskedelmi j\u00e1rtass\u00e1g, szakmai tapasztalat<\/li>\n\n\n\n<li>Magabiztos, felhaszn\u00e1l\u00f3 szint\u0171 Microsoft Office ismeretek<\/li>\n\n\n\n<li>\u00dcgyf\u00e9lk\u00f6zpont\u00fa gondolkod\u00e1sm\u00f3d, kiv\u00e1l\u00f3 kommunik\u00e1ci\u00f3s k\u00e9szs\u00e9g, probl\u00e9mamegold\u00f3 attit\u0171d<\/li>\n\n\n\n<li>\u00d6n\u00e1ll\u00f3, prec\u00edz, megb\u00edzhat\u00f3 munkav\u00e9gz\u00e9s<\/li>\n\n\n\n<li>Csapatban val\u00f3 gondolkod\u00e1sm\u00f3d<\/li>\n\n\n\n<li>Alap\/k\u00f6z\u00e9pfok\u00fa angol nyelvtud\u00e1s<\/li>\n<\/ul>\n\n\n\n<p><strong>El\u0151nyt jelent<\/strong><\/p>\n\n\n\n<ul class=\"wp-block-list\">\n<li>Hasonl\u00f3 kereskedelmi, adminisztr\u00e1ci\u00f3s ter\u00fcleten szerzett tapasztalat<\/li>\n\n\n\n<li>Eg\u00e9szs\u00e9g\u00fcgyi\/fog\u00e1szati term\u00e9kek ismerete<\/li>\n\n\n\n<li>Miel\u0151bbi munkakezd\u00e9s<\/li>\n\n\n\n<li>Scala program ismerete<\/li>\n<\/ul>\n\n\n\n<p><strong>what we offer<\/strong><\/p>\n\n\n\n<ul class=\"wp-block-list\">\n<li>Hossz\u00fa t\u00e1v\u00fa munkalehet\u0151s\u00e9g egy stabil h\u00e1tter\u0171 v\u00e1llalatn\u00e1l<\/li>\n\n\n\n<li>Versenyk\u00e9pes j\u00f6vedelem<\/li>\n\n\n\n<li>Kultur\u00e1lt, tiszta irodai k\u00f6rnyezet a C\u00e9gcsoport \u00faj l\u00e9tes\u00edtm\u00e9ny\u00e9ben<\/li>\n\n\n\n<li>Teljes munkaid\u0151s \u00e1ll\u00e1s h\u00e9tf\u0151t\u0151l p\u00e9ntekig, heti 40 \u00f3ra<\/li>\n\n\n\n<li>Home-office lehet\u0151s\u00e9g pr\u00f3baid\u0151 ut\u00e1n (50% iroda, 50% otthoni munkav\u00e9gz\u00e9s)<\/li>\n<\/ul>\n\n\n\n<p>A f\u00e9nyk\u00e9ppel ell\u00e1tott \u00f6n\u00e9letrajzokat a hirdet\u00e9sben megjel\u00f6lt elv\u00e1r\u00e1sok megl\u00e9te eset\u00e9n, munkab\u00e9r ig\u00e9ny megjel\u00f6l\u00e9s\u00e9vel a<strong> hr@euromedic-hungary.com<\/strong> e-mail c\u00edmre v\u00e1rjuk.<\/p>\n\n\n\n<p><\/p>","protected":false},"excerpt":{"rendered":"<p>Gy\u00f3gyszer-, illetve orvos-szakmai term\u00e9kek nagykereskedelm\u00e9vel foglalkoz\u00f3, nagy m\u00falt\u00fa, nemzetk\u00f6zi h\u00e1tter\u0171 c\u00e9gcsoport keres fog\u00e1szati \u00fczlet\u00e1g\u00e1ba (munkav\u00e9gz\u00e9s helye Bp. XV. ker\u00fclet) Kereskedelmi adminisztr\u00e1ci\u00f3s munkat\u00e1rsat Feladatok Elv\u00e1r\u00e1sok El\u0151nyt jelent Amit k\u00edn\u00e1lunk A f\u00e9nyk\u00e9ppel ell\u00e1tott \u00f6n\u00e9letrajzokat a hirdet\u00e9sben megjel\u00f6lt elv\u00e1r\u00e1sok megl\u00e9te eset\u00e9n, munkab\u00e9r ig\u00e9ny megjel\u00f6l\u00e9s\u00e9vel a hr@euromedic-hungary.com e-mail c\u00edmre v\u00e1rjuk.<\/p>","protected":false},"author":6,"featured_media":0,"template":"","meta":{"_uag_custom_page_level_css":"","site-sidebar-layout":"default","site-content-layout":"","ast-site-content-layout":"default","site-content-style":"default","site-sidebar-style":"default","ast-global-header-display":"","ast-banner-title-visibility":"","ast-main-header-display":"","ast-hfb-above-header-display":"","ast-hfb-below-header-display":"","ast-hfb-mobile-header-display":"","site-post-title":"","ast-breadcrumbs-content":"","ast-featured-img":"","footer-sml-layout":"","ast-disable-related-posts":"","theme-transparent-header-meta":"","adv-header-id-meta":"","stick-header-meta":"","header-above-stick-meta":"","header-main-stick-meta":"","header-below-stick-meta":"","astra-migrate-meta-layouts":"set","ast-page-background-enabled":"default","ast-page-background-meta":{"desktop":{"background-color":"","background-image":"","background-repeat":"repeat","background-position":"center center","background-size":"auto","background-attachment":"scroll","background-type":"","background-media":"","overlay-type":"","overlay-color":"","overlay-opacity":"","overlay-gradient":""},"tablet":{"background-color":"","background-image":"","background-repeat":"repeat","background-position":"center center","background-size":"auto","background-attachment":"scroll","background-type":"","background-media":"","overlay-type":"","overlay-color":"","overlay-opacity":"","overlay-gradient":""},"mobile":{"background-color":"","background-image":"","background-repeat":"repeat","background-position":"center center","background-size":"auto","background-attachment":"scroll","background-type":"","background-media":"","overlay-type":"","overlay-color":"","overlay-opacity":"","overlay-gradient":""}},"ast-content-background-meta":{"desktop":{"background-color":"var(--ast-global-color-5)","background-image":"","background-repeat":"repeat","background-position":"center center","background-size":"auto","background-attachment":"scroll","background-type":"","background-media":"","overlay-type":"","overlay-color":"","overlay-opacity":"","overlay-gradient":""},"tablet":{"background-color":"var(--ast-global-color-5)","background-image":"","background-repeat":"repeat","background-position":"center center","background-size":"auto","background-attachment":"scroll","background-type":"","background-media":"","overlay-type":"","overlay-color":"","overlay-opacity":"","overlay-gradient":""},"mobile":{"background-color":"var(--ast-global-color-5)","background-image":"","background-repeat":"repeat","background-position":"center center","background-size":"auto","background-attachment":"scroll","background-type":"","background-media":"","overlay-type":"","overlay-color":"","overlay-opacity":"","overlay-gradient":""}}},"class_list":["post-3169","awsm_job_openings","type-awsm_job_openings","status-publish","hentry"],"yoast_head":"<!-- This site is optimized with the Yoast SEO plugin v27.5 - https:\/\/yoast.com\/product\/yoast-seo-wordpress\/ -->\n<title>Kereskedelmi adminisztr\u00e1ci\u00f3s munkat\u00e1rs - Euromedic Hungary<\/title>\n<meta name=\"robots\" content=\"index, follow, max-snippet:-1, max-image-preview:large, max-video-preview:-1\" \/>\n<link rel=\"canonical\" href=\"https:\/\/euromedic-hungary.com\/en\/jobs\/kereskedelmi-adminisztracios-munkatars\/\" \/>\n<meta property=\"og:locale\" content=\"en_GB\" \/>\n<meta property=\"og:type\" content=\"article\" \/>\n<meta property=\"og:title\" content=\"Kereskedelmi adminisztr\u00e1ci\u00f3s munkat\u00e1rs - Euromedic Hungary\" \/>\n<meta property=\"og:description\" content=\"Gy\u00f3gyszer-, illetve orvos-szakmai term\u00e9kek nagykereskedelm\u00e9vel foglalkoz\u00f3, nagy m\u00falt\u00fa, nemzetk\u00f6zi h\u00e1tter\u0171 c\u00e9gcsoport keres fog\u00e1szati \u00fczlet\u00e1g\u00e1ba (munkav\u00e9gz\u00e9s helye Bp. XV. ker\u00fclet) Kereskedelmi adminisztr\u00e1ci\u00f3s munkat\u00e1rsat Feladatok Elv\u00e1r\u00e1sok El\u0151nyt jelent Amit k\u00edn\u00e1lunk A f\u00e9nyk\u00e9ppel ell\u00e1tott \u00f6n\u00e9letrajzokat a hirdet\u00e9sben megjel\u00f6lt elv\u00e1r\u00e1sok megl\u00e9te eset\u00e9n, munkab\u00e9r ig\u00e9ny megjel\u00f6l\u00e9s\u00e9vel a hr@euromedic-hungary.com e-mail c\u00edmre v\u00e1rjuk.\" \/>\n<meta property=\"og:url\" content=\"https:\/\/euromedic-hungary.com\/en\/jobs\/kereskedelmi-adminisztracios-munkatars\/\" \/>\n<meta property=\"og:site_name\" content=\"Euromedic Hungary\" \/>\n<meta property=\"article:modified_time\" content=\"2025-10-01T10:57:08+00:00\" \/>\n<meta name=\"twitter:card\" content=\"summary_large_image\" \/>\n<meta name=\"twitter:label1\" content=\"Estimated reading time\" \/>\n\t<meta name=\"twitter:data1\" content=\"2 minutes\" \/>\n<script type=\"application\/ld+json\" class=\"yoast-schema-graph\">{\"@context\":\"https:\\\/\\\/schema.org\",\"@graph\":[{\"@type\":\"WebPage\",\"@id\":\"https:\\\/\\\/euromedic-hungary.com\\\/jobs\\\/kereskedelmi-adminisztracios-munkatars\\\/\",\"url\":\"https:\\\/\\\/euromedic-hungary.com\\\/jobs\\\/kereskedelmi-adminisztracios-munkatars\\\/\",\"name\":\"Kereskedelmi adminisztr\u00e1ci\u00f3s munkat\u00e1rs - Euromedic Hungary\",\"isPartOf\":{\"@id\":\"https:\\\/\\\/euromedic-hungary.com\\\/#website\"},\"datePublished\":\"2025-10-01T10:57:06+00:00\",\"dateModified\":\"2025-10-01T10:57:08+00:00\",\"breadcrumb\":{\"@id\":\"https:\\\/\\\/euromedic-hungary.com\\\/jobs\\\/kereskedelmi-adminisztracios-munkatars\\\/#breadcrumb\"},\"inLanguage\":\"en-GB\",\"potentialAction\":[{\"@type\":\"ReadAction\",\"target\":[\"https:\\\/\\\/euromedic-hungary.com\\\/jobs\\\/kereskedelmi-adminisztracios-munkatars\\\/\"]}]},{\"@type\":\"BreadcrumbList\",\"@id\":\"https:\\\/\\\/euromedic-hungary.com\\\/jobs\\\/kereskedelmi-adminisztracios-munkatars\\\/#breadcrumb\",\"itemListElement\":[{\"@type\":\"ListItem\",\"position\":1,\"name\":\"Kezd\u0151lap\",\"item\":\"https:\\\/\\\/euromedic-hungary.com\\\/\"},{\"@type\":\"ListItem\",\"position\":2,\"name\":\"Job Openings\",\"item\":\"https:\\\/\\\/euromedic-hungary.com\\\/jobs\\\/\"},{\"@type\":\"ListItem\",\"position\":3,\"name\":\"Kereskedelmi adminisztr\u00e1ci\u00f3s munkat\u00e1rs\"}]},{\"@type\":\"WebSite\",\"@id\":\"https:\\\/\\\/euromedic-hungary.com\\\/#website\",\"url\":\"https:\\\/\\\/euromedic-hungary.com\\\/\",\"name\":\"Euromedic Hungary\",\"description\":\"\",\"publisher\":{\"@id\":\"https:\\\/\\\/euromedic-hungary.com\\\/#organization\"},\"potentialAction\":[{\"@type\":\"SearchAction\",\"target\":{\"@type\":\"EntryPoint\",\"urlTemplate\":\"https:\\\/\\\/euromedic-hungary.com\\\/?s={search_term_string}\"},\"query-input\":{\"@type\":\"PropertyValueSpecification\",\"valueRequired\":true,\"valueName\":\"search_term_string\"}}],\"inLanguage\":\"en-GB\"},{\"@type\":\"Organization\",\"@id\":\"https:\\\/\\\/euromedic-hungary.com\\\/#organization\",\"name\":\"Euromedic Hungary\",\"url\":\"https:\\\/\\\/euromedic-hungary.com\\\/\",\"logo\":{\"@type\":\"ImageObject\",\"inLanguage\":\"en-GB\",\"@id\":\"https:\\\/\\\/euromedic-hungary.com\\\/#\\\/schema\\\/logo\\\/image\\\/\",\"url\":\"https:\\\/\\\/euromedic-hungary.com\\\/wp-content\\\/uploads\\\/2024\\\/11\\\/EuromedicLogo.svg\",\"contentUrl\":\"https:\\\/\\\/euromedic-hungary.com\\\/wp-content\\\/uploads\\\/2024\\\/11\\\/EuromedicLogo.svg\",\"caption\":\"Euromedic Hungary\"},\"image\":{\"@id\":\"https:\\\/\\\/euromedic-hungary.com\\\/#\\\/schema\\\/logo\\\/image\\\/\"}}]}<\/script>\n<!-- \/ Yoast SEO plugin. -->","yoast_head_json":{"title":"Kereskedelmi adminisztr\u00e1ci\u00f3s munkat\u00e1rs - Euromedic Hungary","robots":{"index":"index","follow":"follow","max-snippet":"max-snippet:-1","max-image-preview":"max-image-preview:large","max-video-preview":"max-video-preview:-1"},"canonical":"https:\/\/euromedic-hungary.com\/en\/jobs\/kereskedelmi-adminisztracios-munkatars\/","og_locale":"en_GB","og_type":"article","og_title":"Kereskedelmi adminisztr\u00e1ci\u00f3s munkat\u00e1rs - Euromedic Hungary","og_description":"Gy\u00f3gyszer-, illetve orvos-szakmai term\u00e9kek nagykereskedelm\u00e9vel foglalkoz\u00f3, nagy m\u00falt\u00fa, nemzetk\u00f6zi h\u00e1tter\u0171 c\u00e9gcsoport keres fog\u00e1szati \u00fczlet\u00e1g\u00e1ba (munkav\u00e9gz\u00e9s helye Bp. XV. ker\u00fclet) Kereskedelmi adminisztr\u00e1ci\u00f3s munkat\u00e1rsat Feladatok Elv\u00e1r\u00e1sok El\u0151nyt jelent Amit k\u00edn\u00e1lunk A f\u00e9nyk\u00e9ppel ell\u00e1tott \u00f6n\u00e9letrajzokat a hirdet\u00e9sben megjel\u00f6lt elv\u00e1r\u00e1sok megl\u00e9te eset\u00e9n, munkab\u00e9r ig\u00e9ny megjel\u00f6l\u00e9s\u00e9vel a hr@euromedic-hungary.com e-mail c\u00edmre v\u00e1rjuk.","og_url":"https:\/\/euromedic-hungary.com\/en\/jobs\/kereskedelmi-adminisztracios-munkatars\/","og_site_name":"Euromedic Hungary","article_modified_time":"2025-10-01T10:57:08+00:00","twitter_card":"summary_large_image","twitter_misc":{"Estimated reading time":"2 minutes"},"schema":{"@context":"https:\/\/schema.org","@graph":[{"@type":"WebPage","@id":"https:\/\/euromedic-hungary.com\/jobs\/kereskedelmi-adminisztracios-munkatars\/","url":"https:\/\/euromedic-hungary.com\/jobs\/kereskedelmi-adminisztracios-munkatars\/","name":"Kereskedelmi adminisztr\u00e1ci\u00f3s munkat\u00e1rs - Euromedic Hungary","isPartOf":{"@id":"https:\/\/euromedic-hungary.com\/#website"},"datePublished":"2025-10-01T10:57:06+00:00","dateModified":"2025-10-01T10:57:08+00:00","breadcrumb":{"@id":"https:\/\/euromedic-hungary.com\/jobs\/kereskedelmi-adminisztracios-munkatars\/#breadcrumb"},"inLanguage":"en-GB","potentialAction":[{"@type":"ReadAction","target":["https:\/\/euromedic-hungary.com\/jobs\/kereskedelmi-adminisztracios-munkatars\/"]}]},{"@type":"BreadcrumbList","@id":"https:\/\/euromedic-hungary.com\/jobs\/kereskedelmi-adminisztracios-munkatars\/#breadcrumb","itemListElement":[{"@type":"ListItem","position":1,"name":"Kezd\u0151lap","item":"https:\/\/euromedic-hungary.com\/"},{"@type":"ListItem","position":2,"name":"Job Openings","item":"https:\/\/euromedic-hungary.com\/jobs\/"},{"@type":"ListItem","position":3,"name":"Kereskedelmi adminisztr\u00e1ci\u00f3s munkat\u00e1rs"}]},{"@type":"WebSite","@id":"https:\/\/euromedic-hungary.com\/#website","url":"https:\/\/euromedic-hungary.com\/","name":"Euromedic Hungary","description":"","publisher":{"@id":"https:\/\/euromedic-hungary.com\/#organization"},"potentialAction":[{"@type":"SearchAction","target":{"@type":"EntryPoint","urlTemplate":"https:\/\/euromedic-hungary.com\/?s={search_term_string}"},"query-input":{"@type":"PropertyValueSpecification","valueRequired":true,"valueName":"search_term_string"}}],"inLanguage":"en-GB"},{"@type":"Organization","@id":"https:\/\/euromedic-hungary.com\/#organization","name":"Euromedic Hungary","url":"https:\/\/euromedic-hungary.com\/","logo":{"@type":"ImageObject","inLanguage":"en-GB","@id":"https:\/\/euromedic-hungary.com\/#\/schema\/logo\/image\/","url":"https:\/\/euromedic-hungary.com\/wp-content\/uploads\/2024\/11\/EuromedicLogo.svg","contentUrl":"https:\/\/euromedic-hungary.com\/wp-content\/uploads\/2024\/11\/EuromedicLogo.svg","caption":"Euromedic Hungary"},"image":{"@id":"https:\/\/euromedic-hungary.com\/#\/schema\/logo\/image\/"}}]}},"uagb_featured_image_src":{"full":false,"thumbnail":false,"medium":false,"medium_large":false,"large":false,"1536x1536":false,"2048x2048":false,"trp-custom-language-flag":false},"uagb_author_info":{"display_name":"Gy\u00f6rgy Ildik\u00f3","author_link":"https:\/\/euromedic-hungary.com\/en\/author\/gyorgy-ildiko\/"},"uagb_comment_info":0,"uagb_excerpt":"Gy\u00f3gyszer-, illetve orvos-szakmai term\u00e9kek nagykereskedelm\u00e9vel foglalkoz\u00f3, nagy m\u00falt\u00fa, nemzetk\u00f6zi h\u00e1tter\u0171 c\u00e9gcsoport keres fog\u00e1szati \u00fczlet\u00e1g\u00e1ba (munkav\u00e9gz\u00e9s helye Bp. XV. ker\u00fclet) Kereskedelmi adminisztr\u00e1ci\u00f3s munkat\u00e1rsat Feladatok Elv\u00e1r\u00e1sok El\u0151nyt jelent Amit k\u00edn\u00e1lunk A f\u00e9nyk\u00e9ppel ell\u00e1tott \u00f6n\u00e9letrajzokat a hirdet\u00e9sben megjel\u00f6lt elv\u00e1r\u00e1sok megl\u00e9te eset\u00e9n, munkab\u00e9r ig\u00e9ny megjel\u00f6l\u00e9s\u00e9vel a hr@euromedic-hungary.com e-mail c\u00edmre v\u00e1rjuk.","_links":{"self":[{"href":"https:\/\/euromedic-hungary.com\/en\/wp-json\/wp\/v2\/awsm_job_openings\/3169","targetHints":{"allow":["GET"]}}],"collection":[{"href":"https:\/\/euromedic-hungary.com\/en\/wp-json\/wp\/v2\/awsm_job_openings"}],"about":[{"href":"https:\/\/euromedic-hungary.com\/en\/wp-json\/wp\/v2\/types\/awsm_job_openings"}],"author":[{"embeddable":true,"href":"https:\/\/euromedic-hungary.com\/en\/wp-json\/wp\/v2\/users\/6"}],"wp:attachment":[{"href":"https:\/\/euromedic-hungary.com\/en\/wp-json\/wp\/v2\/media?parent=3169"}],"curies":[{"name":"wp","href":"https:\/\/api.w.org\/{rel}","templated":true}]}}